{"id":1392,"date":"2026-02-07T16:47:49","date_gmt":"2026-02-07T15:47:49","guid":{"rendered":"https:\/\/arc-bagnolet-belleville.fr\/?page_id=1392"},"modified":"2026-09-02T12:07:27","modified_gmt":"2026-09-02T10:07:27","slug":"resultats-2026","status":"publish","type":"page","link":"https:\/\/arc-bagnolet-belleville.fr\/index.php\/les-podiums\/resultats-2026\/","title":{"rendered":"R\u00e9sultats 2026"},"content":{"rendered":"\n<h3 class=\"wp-block-heading\">11 janvier : Concours en salle \u00e0 18m, Rosny-sous-Bois<\/h3>\n\n\n\n<ul class=\"wp-block-list\">\n<li>U18 CL H : Taha, 2\u00e8me ; Romain, 3\u00e8me<\/li>\n\n\n\n<li>U21 CL H : Ahmed, 5\u00e8me<\/li>\n\n\n\n<li>S3 CO F : Jocelyne, 1\u00e8re<\/li>\n<\/ul>\n\n\n\n<h3 class=\"wp-block-heading\">25 janvier : Championnat d\u00e9partemental salle \u00e0 18m, Gagny<\/h3>\n\n\n\n<ul class=\"wp-block-list\">\n<li>U18 CL H : Romain, champion d\u00e9partemental, Taha, 3\u00e8me<\/li>\n\n\n\n<li>U21 CL H : Ahmed, 6\u00e8me<\/li>\n\n\n\n<li>S3 CL H : G\u00e9rard, 6\u00e8me<\/li>\n\n\n\n<li>S3 CO F : Jocelyne, Championne d\u00e9partementale<\/li>\n<\/ul>\n\n\n\n<h3 class=\"wp-block-heading\">29 mars : Tir Beursault, Noisy-Le-Grand<\/h3>\n\n\n\n<ul class=\"wp-block-list\">\n<li>U18 CL H : Romain, 1er ; Taha, 3\u00e8me<\/li>\n\n\n\n<li>U21 CL H : Ahmed, 3\u00e8me<\/li>\n\n\n\n<li>S3 CO F : Jocelyne, 1\u00e8re<\/li>\n\n\n\n<li>S3 AD H : Beno\u00eet, 5\u00e8me<\/li>\n<\/ul>\n\n\n\n<h3 class=\"wp-block-heading\">4 avril : Tir de P\u00e2ques (Tir Beursault), Gagny<\/h3>\n\n\n\n<ul class=\"wp-block-list\">\n<li>S1 CL H : Julien, 3\u00e8me<\/li>\n\n\n\n<li>S3 CO F : Jocelyne, 1\u00e8re<\/li>\n<\/ul>\n\n\n\n<h3 class=\"wp-block-heading\">3 mai : TAE DI DN de printemps, Jablines<\/h3>\n\n\n\n<ul class=\"wp-block-list\">\n<li>Cat\u00e9gories internationales\n<ul class=\"wp-block-list\">\n<li>U18 CL H, 60m 122cm : Taha, 4\u00e8me<\/li>\n\n\n\n<li>S3 CO F, 50m 80 cm : Jocelyne, 1\u00e8re<\/li>\n<\/ul>\n<\/li>\n\n\n\n<li>Cat\u00e9gories nationales\n<ul class=\"wp-block-list\">\n<li>U18 CL H, 50m 122cm : Romain, 3\u00e8me<\/li>\n<\/ul>\n<\/li>\n<\/ul>\n\n\n\n<h3 class=\"wp-block-heading\">31 mai : Championnat d\u00e9partemental TAE DI DN, Pantin<\/h3>\n\n\n\n<ul class=\"wp-block-list\">\n<li>Cat\u00e9gories internationales\n<ul class=\"wp-block-list\">\n<li>S3 CO F, 50m 80cm : Jocelyne, championne d\u00e9partementale<\/li>\n<\/ul>\n<\/li>\n\n\n\n<li>Cat\u00e9gories nationales\n<ul class=\"wp-block-list\">\n<li>U18 CL H, 50m 122cm : Romain, 3\u00e8me<\/li>\n\n\n\n<li>S3 CL H, 50m 122cm : G\u00e9rard 4\u00e8me<\/li>\n<\/ul>\n<\/li>\n<\/ul>\n\n\n\n<h3 class=\"wp-block-heading\">6 juin : Challenge Andr\u00e9 Prieur, Bagnolet<\/h3>\n\n\n\n<ul class=\"wp-block-list\">\n<li>Challenge par \u00e9quipe : Bagnolet 1er<\/li>\n\n\n\n<li>R\u00e9sultats individuels :\n<ul class=\"wp-block-list\">\n<li>U15 CL H : Vincenzo, 1er ; Maxence 2\u00e8me ; Mathias, 3\u00e8me<\/li>\n\n\n\n<li>U21 CL H : Ahmed, 1er<\/li>\n\n\n\n<li>S3 CL H : G\u00e9rard, 1er<\/li>\n<\/ul>\n<\/li>\n<\/ul>\n\n\n\n<h3 class=\"wp-block-heading\">7 juin : Championnat d\u00e9partemental TAE DN, Sevran<\/h3>\n\n\n\n<ul class=\"wp-block-list\">\n<li>Cat\u00e9gories nationales\n<ul class=\"wp-block-list\">\n<li>U18 CL H, 50m 122cm : Romain, 2\u00e8me<\/li>\n\n\n\n<li>S3 CL H, 50m 122 cm : G\u00e9rard, 5\u00e8me<\/li>\n\n\n\n<li>S3 CO F, 50m 122cm : Jocelyne, championne d\u00e9partementale <\/li>\n<\/ul>\n<\/li>\n<\/ul>\n\n\n\n<h3 class=\"wp-block-heading\">14 juin : Concours TAE DI DN, Viarmes<\/h3>\n\n\n\n<ul class=\"wp-block-list\">\n<li>Cat\u00e9gories internationales\n<ul class=\"wp-block-list\">\n<li>S3 CO F, 50m 80 cm : Jocelyne, 1\u00e8re<\/li>\n<\/ul>\n<\/li>\n\n\n\n<li>Cat\u00e9gories nationales :\n<ul class=\"wp-block-list\">\n<li>U18 CL H, 50m 122cm : Romain, 2\u00e8me<\/li>\n\n\n\n<li>S1 CL H, 50m 122cm : Julien, 3\u00e8me<\/li>\n\n\n\n<li>S3 CL H, 50m 122cm : G\u00e9rard, 4\u00e8me<\/li>\n<\/ul>\n<\/li>\n<\/ul>\n\n\n\n<h3 class=\"wp-block-heading\">14 juin : Troph\u00e9e Jean Valjean, Montfermeil<\/h3>\n\n\n\n<ul class=\"wp-block-list\">\n<li>U13 CL F : Garance, 1\u00e8re ; Lucille, 6\u00e8me<\/li>\n\n\n\n<li>U15 CL H : Vincenzo, 1er ; Maxence 2\u00e8me ; Mathias, 3\u00e8me<\/li>\n\n\n\n<li>S2 CL H, 70m 122cm : Dgiovanni, 4\u00e8me<\/li>\n<\/ul>\n","protected":false},"excerpt":{"rendered":"<p>11 janvier : Concours en salle \u00e0 18m, Rosny-sous-Bois 25 janvier : Championnat d\u00e9partemental salle \u00e0 18m, Gagny 29 mars : Tir Beursault, Noisy-Le-Grand 4 avril : Tir de P\u00e2ques (Tir Beursault), Gagny 3 mai : TAE DI DN de printemps, Jablines 31 mai : Championnat d\u00e9partemental TAE DI DN, Pantin 6 juin : Challenge [&hellip;]<\/p>\n","protected":false},"author":2,"featured_media":0,"parent":384,"menu_order":0,"comment_status":"closed","ping_status":"closed","template":"wp-custom-template-page-des-podiums","meta":{"_mc_calendar":[],"footnotes":"","_members_access_role":[],"_members_access_error":""},"class_list":["post-1392","page","type-page","status-publish","hentry"],"_links":{"self":[{"href":"https:\/\/arc-bagnolet-belleville.fr\/index.php\/wp-json\/wp\/v2\/pages\/1392","targetHints":{"allow":["GET"]}}],"collection":[{"href":"https:\/\/arc-bagnolet-belleville.fr\/index.php\/wp-json\/wp\/v2\/pages"}],"about":[{"href":"https:\/\/arc-bagnolet-belleville.fr\/index.php\/wp-json\/wp\/v2\/types\/page"}],"author":[{"embeddable":true,"href":"https:\/\/arc-bagnolet-belleville.fr\/index.php\/wp-json\/wp\/v2\/users\/2"}],"replies":[{"embeddable":true,"href":"https:\/\/arc-bagnolet-belleville.fr\/index.php\/wp-json\/wp\/v2\/comments?post=1392"}],"version-history":[{"count":6,"href":"https:\/\/arc-bagnolet-belleville.fr\/index.php\/wp-json\/wp\/v2\/pages\/1392\/revisions"}],"predecessor-version":[{"id":1433,"href":"https:\/\/arc-bagnolet-belleville.fr\/index.php\/wp-json\/wp\/v2\/pages\/1392\/revisions\/1433"}],"up":[{"embeddable":true,"href":"https:\/\/arc-bagnolet-belleville.fr\/index.php\/wp-json\/wp\/v2\/pages\/384"}],"wp:attachment":[{"href":"https:\/\/arc-bagnolet-belleville.fr\/index.php\/wp-json\/wp\/v2\/media?parent=1392"}],"curies":[{"name":"wp","href":"https:\/\/api.w.org\/{rel}","templated":true}]}}